{"id":4531,"date":"2024-09-19T23:35:47","date_gmt":"2024-09-19T21:35:47","guid":{"rendered":"https:\/\/eventi.siumb.it\/euroson2024\/?page_id=4531"},"modified":"2024-09-20T12:29:58","modified_gmt":"2024-09-20T10:29:58","slug":"jimenez-la-santa","status":"publish","type":"page","link":"https:\/\/eventi.siumb.it\/euroson2024\/jimenez-la-santa\/","title":{"rendered":"JIMENEZ LA SANTA Jos\u00e8 Angel"},"content":{"rendered":"<div class=\"wpb-content-wrapper\"><p>[vc_row full_width=&#8221;stretch_row_content_no_spaces&#8221; desctop_mt=&#8221;marg-lg-t80&#8243; css=&#8221;.vc_custom_1710756083329{background-color: #ffffff !important;}&#8221;][vc_column css=&#8221;.vc_custom_1710756090407{padding-top: 0px !important;}&#8221;][milano_banner bg_overlay=&#8221;&#8221; title=&#8221;FACULTY OF EUROSON 2024&#8243; el_class=&#8221;txt_left&#8221; image=&#8221;3785&#8243; icons=&#8221;%5B%7B%22icon%22%3A%22icon-adjustments%22%7D%5D&#8221;][\/milano_banner][vc_column_text css=&#8221;.vc_custom_1726751836439{margin-top: 50px !important;}&#8221;]<\/p>\n<h3 style=\"text-align: center;\"><a href=\"https:\/\/eventi.siumb.it\/euroson2024\/list-of-euroson-2024-speakers-a\/\">A<\/a> &#8211; <a href=\"https:\/\/eventi.siumb.it\/euroson2024\/list-of-euroson-2024-speakers-b\/\">B<\/a> &#8211; <a href=\"https:\/\/eventi.siumb.it\/euroson2024\/list-of-euroson-2024-speakers-c\/\">C<\/a> &#8211; <a href=\"https:\/\/eventi.siumb.it\/euroson2024\/list-of-euroson-2024-speakers-d\/\">D<\/a> &#8211; <a href=\"https:\/\/eventi.siumb.it\/euroson2024\/list-of-euroson-2024-speakers-e\/\">E<\/a> &#8211; <a href=\"https:\/\/eventi.siumb.it\/euroson2024\/list-of-euroson-2024-speakers-f\/\">F<\/a> &#8211; <a href=\"https:\/\/eventi.siumb.it\/euroson2024\/list-of-euroson-2024-speakers-g\/\">G<\/a> &#8211; <a href=\"https:\/\/eventi.siumb.it\/euroson2024\/list-of-euroson-2024-speakers-h\/\">H<\/a> &#8211; <a href=\"https:\/\/eventi.siumb.it\/euroson2024\/list-of-euroson-2024-speakers-i\/\">I<\/a> &#8211; <a href=\"https:\/\/eventi.siumb.it\/euroson2024\/list-of-euroson-2024-speakers-j\/\">J<\/a> &#8211; <a href=\"https:\/\/eventi.siumb.it\/euroson2024\/list-of-euroson-2024-speakers-k\/\">K<\/a> &#8211; <a href=\"https:\/\/eventi.siumb.it\/euroson2024\/list-of-euroson-2024-speakers-l\/\">L<\/a> &#8211; <a href=\"https:\/\/eventi.siumb.it\/euroson2024\/list-of-euroson-2024-speakers-m\/\">M<\/a> &#8211; <a href=\"https:\/\/eventi.siumb.it\/euroson2024\/list-of-euroson-2024-speakers-n\/\">N<\/a> &#8211; <a href=\"https:\/\/eventi.siumb.it\/euroson2024\/list-of-euroson-2024-speakers-o\/\">O<\/a> &#8211; <a href=\"https:\/\/eventi.siumb.it\/euroson2024\/list-of-euroson-2024-speakers-p\/\">P<\/a> &#8211; <a href=\"https:\/\/eventi.siumb.it\/euroson2024\/list-of-euroson-2024-speakers-q\/\">Q<\/a> &#8211; <a href=\"https:\/\/eventi.siumb.it\/euroson2024\/list-of-euroson-2024-speakers-r\/\">R<\/a> &#8211; <a href=\"https:\/\/eventi.siumb.it\/euroson2024\/list-of-euroson-2024-speakers-s\/\">S<\/a> &#8211; <a href=\"https:\/\/eventi.siumb.it\/euroson2024\/list-of-euroson-2024-speakers-t\/\">T<\/a> &#8211; <a href=\"https:\/\/eventi.siumb.it\/euroson2024\/list-of-euroson-2024-speakers-u\/\">U<\/a> &#8211; <a href=\"https:\/\/eventi.siumb.it\/euroson2024\/list-of-euroson-2024-speakers-v\/\">V<\/a> &#8211; <a href=\"https:\/\/eventi.siumb.it\/euroson2024\/list-of-euroson-2024-speakers-w\/\">W<\/a> &#8211; <a href=\"https:\/\/eventi.siumb.it\/euroson2024\/list-of-euroson-2024-speakers-x\/\">X<\/a> &#8211; <a href=\"https:\/\/eventi.siumb.it\/euroson2024\/list-of-euroson-2024-speakers-y\/\">Y<\/a> &#8211; <a href=\"https:\/\/eventi.siumb.it\/euroson2024\/list-of-euroson-2024-speakers-z\/\">Z<\/a><\/h3>\n<p>[\/vc_column_text][\/vc_column][vc_column width=&#8221;1\/4&#8243;][vc_single_image image=&#8221;4837&#8243; img_size=&#8221;200&#215;200&#8243; alignment=&#8221;right&#8221; css=&#8221;.vc_custom_1726828168073{margin-right: 50px !important;}&#8221;][\/vc_column][vc_column width=&#8221;1\/2&#8243;][vc_column_text]<\/p>\n<h4 style=\"text-align: justify;\">Jim\u00e9nez Lasanta Jose \u00c1ngel<\/h4>\n<p>[\/vc_column_text][vc_column_text]<\/p>\n<p style=\"text-align: justify;\">Current professional status<br \/>\nStaff radiologist Start date 1994<br \/>\nOrganization \/ Institution Institut Catal\u00e1 de la Salut :Germans Trias i Pujol Hospital and Vall dHebron Hospital<br \/>\nRadiology Department\/ UAB( Universitat Aut\u00f3noma de Barcelona)<\/p>\n<p>Academic training<\/p>\n<p>Graduate in Medicine and Surgery 1985<br \/>\nRadiodiagnosis Specialist Physician Vall d&#8217;Hebron Hospital 1992<\/p>\n<p>FREE SUMMARY OF THE CURRICULUM<br \/>\n1- Assistant Professor of practical classes in the Department of Histology at the Soria University College (University of Valladolid) during the Course Academic 1986-87.<br \/>\n2.- Associate Professor of Radiology UAB from 2013 to date<br \/>\n3.- Business management of health centers, organized by the Center for Collegiate Studies of the Official College of Physicians of Barcelona, from December 2004 to February 2005 with a duration of 80 teaching hours<br \/>\nMOST RELEVANT MERITS<br \/>\nPublications<br \/>\n1 Report on renal and pancreatic transplants J.A. Jim\u00e9nez Lasanta<br \/>\n, M.A. Garcia Criado, C. Garcia Roch Radiolog\u00eda 4(2022)116&#8212;125<br \/>\n2.-. .- Preoperative low-dose weekly cisplatin and continuous infusion fluorouracil plus hyperfractionated radiotherapy in stage II-III esophageal carcinoma Caro m; , Font A; , Comas S; Viciano M; JA Jim\u00e9nez Lasanta. 2016Clin Transl Oncol.18-11, pp.1106-1113..<br \/>\n3.- Optimal use of transient elastography and acoustic radiation force<br \/>\nimpulse to stage liver fibrosis in HIV\/HCV coinfected patients in clinical practice J Ultrasound Juan Jos\u00e9 L\u00f3pez , N\u00faria P\u00e9rez-\u00c0lvarez Raul V Rodr\u00edguez ,Antoni Jou , Pere Carbonell , Jos\u00e9 A Jim\u00e9nez<br \/>\nMed 2017 Jul 17. Dol: 10.1002\/jum.14312.<\/p>\n<p>[\/vc_column_text][\/vc_column][vc_column width=&#8221;1\/4&#8243;][\/vc_column][\/vc_row][vc_row full_width=&#8221;stretch_row&#8221; content_placement=&#8221;middle&#8221; css=&#8221;.vc_custom_1710761733479{padding-bottom: 30px !important;background-color: #f58220 !important;}&#8221;][vc_column width=&#8221;1\/4&#8243; offset=&#8221;vc_col-xs-6&#8243;][milano_icon_text icon=&#8221;icon-map-pin&#8221; title=&#8221;Location&#8221;]CONGRESS CENTRE \u201cSTAZIONE MARITTIMA\u201d, NAPLES,[\/milano_icon_text][\/vc_column][vc_column width=&#8221;1\/4&#8243; offset=&#8221;vc_col-xs-6&#8243;][milano_icon_text icon=&#8221;icon-clock&#8221; title=&#8221;Date &amp; Time&#8221;]9th Nov \u2013 11th Nov[\/milano_icon_text][\/vc_column][vc_column width=&#8221;1\/4&#8243;][milano_icon_text icon=&#8221;icon-envelope&#8221; title=&#8221;Email&#8221;]euroson2024@siumb.it<br \/>\n[\/milano_icon_text][\/vc_column][vc_column width=&#8221;1\/4&#8243;][milano_icon_text icon=&#8221;icon-phone&#8221; title=&#8221;Phone&#8221;]39 06 32110740 \/ +39 06 3218257\/ +39 06 32120041<br \/>\n[\/milano_icon_text][\/vc_column][\/vc_row]<\/p>\n<\/div>","protected":false},"excerpt":{"rendered":"<p>[vc_row full_width=&#8221;stretch_row_content_no_spaces&#8221; desctop_mt=&#8221;marg-lg-t80&#8243; css=&#8221;.vc_custom_1710756083329{background-color: #ffffff !important;}&#8221;][vc_column css=&#8221;.vc_custom_1710756090407{padding-top: 0px !important;}&#8221;][milano_banner bg_overlay=&#8221;&#8221; title=&#8221;FACULTY OF EUROSON 2024&#8243; el_class=&#8221;txt_left&#8221; image=&#8221;3785&#8243; icons=&#8221;%5B%7B%22icon%22%3A%22icon-adjustments%22%7D%5D&#8221;][\/milano_banner][vc_column_text css=&#8221;.vc_custom_1726751836439{margin-top: 50px !important;}&#8221;] A &#8211; B &#8211; C&#8230;<\/p>\n","protected":false},"author":1,"featured_media":0,"parent":0,"menu_order":11,"comment_status":"closed","ping_status":"closed","template":"","meta":{"footnotes":""},"_links":{"self":[{"href":"https:\/\/eventi.siumb.it\/euroson2024\/wp-json\/wp\/v2\/pages\/4531"}],"collection":[{"href":"https:\/\/eventi.siumb.it\/euroson2024\/wp-json\/wp\/v2\/pages"}],"about":[{"href":"https:\/\/eventi.siumb.it\/euroson2024\/wp-json\/wp\/v2\/types\/page"}],"author":[{"embeddable":true,"href":"https:\/\/eventi.siumb.it\/euroson2024\/wp-json\/wp\/v2\/users\/1"}],"replies":[{"embeddable":true,"href":"https:\/\/eventi.siumb.it\/euroson2024\/wp-json\/wp\/v2\/comments?post=4531"}],"version-history":[{"count":4,"href":"https:\/\/eventi.siumb.it\/euroson2024\/wp-json\/wp\/v2\/pages\/4531\/revisions"}],"predecessor-version":[{"id":4839,"href":"https:\/\/eventi.siumb.it\/euroson2024\/wp-json\/wp\/v2\/pages\/4531\/revisions\/4839"}],"wp:attachment":[{"href":"https:\/\/eventi.siumb.it\/euroson2024\/wp-json\/wp\/v2\/media?parent=4531"}],"curies":[{"name":"wp","href":"https:\/\/api.w.org\/{rel}","templated":true}]}}